{"id":2257,"date":"2020-01-14T14:23:45","date_gmt":"2020-01-14T14:23:45","guid":{"rendered":"https:\/\/schizofrenie.cz\/verejne\/?page_id=2257"},"modified":"2025-12-19T11:17:27","modified_gmt":"2025-12-19T10:17:27","slug":"myty","status":"publish","type":"page","link":"https:\/\/schizofrenie.cz\/verejne\/myty\/","title":{"rendered":"M\u00fdty a pravdy"},"content":{"rendered":"\n<div class=\"wp-block-rea-inpage-nav-rea-inpage-nav-block rea-inpage-nav-block front has-margin\"><div class=\"rea-inpage-nav-block__image\" style=\"background-image: url(https:\/\/schizofrenie.cz\/verejne\/wp-content\/uploads\/2019\/03\/wooden.png)\"><img decoding=\"async\" class=\"inpage-nav-background\" alt=\"\" src=\"https:\/\/schizofrenie.cz\/verejne\/wp-content\/uploads\/2019\/03\/wooden.png\"><\/div><div class=\"rea-inpage-nav-block__content\"><div class=\"rea-inpage-nav-block__content--wrapper\"><div class=\"text-wrapper\"><h2 class=\"inpage-nav-title\">M\u00fdty a pravdy<\/h2><ul class=\"inpage-nav-list\"><li>Mo\u017en\u00e1 ji\u017e m\u00e1te o schizofrenii n\u011bjak\u00e9 p\u0159edsudky. Dok\u00e1\u017eete ale odli\u0161it m\u00fdty od pravd?<\/li><li>Poj\u010fme se spole\u010dn\u011b pod\u00edvat na \u010dast\u00e9 m\u00fdty a schizofrenii a pravdy, kter\u00e9 za nimi stoj\u00ed.<\/li><\/ul><\/div><div class=\"section-nav\"><h4 class=\"section-nav--title\">V t\u00e9to \u010d\u00e1sti<\/h4><div class=\"section-nav--nav-items js-inpage-nav-items\"><\/div><\/div><\/div><\/div><\/div>\n\n\n\n<div class=\"wp-block-rea-paragraph-rea-paragraph-block rea-paragraph-block front\"><div class=\"rea-paragraph-block__content\"><p class=\"content-text\"><\/p><\/div><\/div>\n\n\n\n<div class=\"wp-block-rea-title-rea-title-block rea-title-block front\"><div class=\"rea-title-block__content\"><h3 id=\"\" class=\"content-title rea-hidden\"><\/h3><h4 class=\"content-subtitle \">M\u00ddTUS: Schizofrenie je vz\u00e1cn\u00e9 onemocn\u011bn\u00ed<\/h4><\/div><\/div>\n\n\n\n<div class=\"wp-block-rea-paragraph-rea-paragraph-block rea-paragraph-block front\"><div class=\"rea-paragraph-block__content\"><p class=\"content-text\"><strong>PRAVDA<\/strong>: Schizofrenie postihne v pr\u016fb\u011bhu \u017eivota p\u0159ibli\u017en\u011b 1 ze 100 lid\u00ed a v\u016fbec nen\u00ed pova\u017eov\u00e1na za vz\u00e1cn\u00e9 onemocn\u011bn\u00ed!<sup>1<\/sup> Obvykle za\u010d\u00edn\u00e1 u mlad\u00fdch lid\u00ed mezi 15. a 30. rokem v\u011bku,<sup>2<\/sup> ale m\u016f\u017ee postihnout ka\u017ed\u00e9ho \u2013 je mo\u017en\u00e9, \u017ee n\u011bkoho se schizofreni\u00ed potk\u00e1te a prost\u011b to jen o n\u011bm nebudete v\u011bd\u011bt.<\/p><\/div><\/div>\n\n\n\n<div class=\"wp-block-rea-cta-rea-cta-block rea-cta-block front\"><div class=\"rea-cta-block__content\"><h4 class=\"cta-title\"><\/h4><p class=\"cta-text\"><\/p><a class=\"button__primary button-text\" href=\"https:\/\/schizofrenie.cz\/verejne\/co-je-to-schizofrenie\/co-je-to-schizofrenie\/\">Zjist\u011bte v\u00edce o schizofrenii<\/a><\/div><\/div>\n\n\n\n<div class=\"wp-block-rea-title-rea-title-block rea-title-block front\"><div class=\"rea-title-block__content\"><h3 id=\"\" class=\"content-title rea-hidden\"><\/h3><h4 class=\"content-subtitle \">M\u00ddTUS: Schizofrenie je vrozen\u00e1<\/h4><\/div><\/div>\n\n\n\n<div class=\"wp-block-rea-paragraph-rea-paragraph-block rea-paragraph-block front\"><div class=\"rea-paragraph-block__content\"><p class=\"content-text\"><strong>PRAVDA<\/strong>: Mnoho studi\u00ed se zab\u00fdvalo genetick\u00fdmi p\u0159\u00ed\u010dinami schizofrenie a v\u011bdci se obecn\u011b shoduj\u00ed, \u017ee geny p\u0159edstavuj\u00ed jen \u010d\u00e1st odpov\u011bdi. Je nap\u0159\u00edklad pravda, \u017ee studie s dvoj\u010daty uk\u00e1zaly, \u017ee n\u011bkter\u00e9 geny zvy\u0161uj\u00ed riziko rozvoje schizofrenie.<sup>1<\/sup> Identick\u00e1 dvoj\u010data maj\u00ed v t\u011ble p\u0159esn\u011b stejn\u00e9 geny a studie uk\u00e1zaly, \u017ee pokud m\u00e1 jedno z identick\u00fdch dvoj\u010dat schizofrenii, m\u00e1 druh\u00e9 dvoj\u010de 50% pravd\u011bpodobnost, \u017ee se u n\u011bj tak\u00e9 rozvine schizofrenie.<sup>1<\/sup> Je ale mnoho lid\u00ed se schizofreni\u00ed, u nich\u017e v rodin\u011b se toto onemocn\u011bn\u00ed nevyskytuje, a naopak.<sup>2<\/sup> Na druh\u00e9 stran\u011b studie uk\u00e1zaly, \u017ee biologick\u00e9 faktory, jako je v\u011bk otce a faktory vn\u011bj\u0161\u00edho prost\u0159ed\u00ed, jako jsou stresuj\u00edc\u00ed \u017eivotn\u00ed z\u00e1\u017eitky, mohou hr\u00e1t p\u0159i rozvoji schizofrenie stejn\u011b velkou roli jako geny!<sup>3<\/sup> <\/p><\/div><\/div>\n\n\n\n<div class=\"wp-block-rea-cta-rea-cta-block rea-cta-block front\"><div class=\"rea-cta-block__content\"><h4 class=\"cta-title\"><\/h4><p class=\"cta-text\"><\/p><a class=\"button__primary button-text\" href=\"https:\/\/schizofrenie.cz\/verejne\/co-je-to-schizofrenie\/co-je-to-schizofrenie\/\">Zjist\u011bte v\u00edc o p\u0159\u00ed\u010din\u00e1ch schizofrenie<\/a><\/div><\/div>\n\n\n\n<div class=\"wp-block-rea-title-rea-title-block rea-title-block front\"><div class=\"rea-title-block__content\"><h3 id=\"\" class=\"content-title rea-hidden\"><\/h3><h4 class=\"content-subtitle \">M\u00ddTUS: Lid\u00e9 se schizofreni\u00ed maj\u00ed stejn\u00e9 p\u0159\u00edznaky<\/h4><\/div><\/div>\n\n\n\n<div class=\"wp-block-rea-paragraph-rea-paragraph-block rea-paragraph-block front\"><div class=\"rea-paragraph-block__content\"><p class=\"content-text\"><strong>PRAVDA<\/strong>: Schizofrenie je komplexn\u00ed onemocn\u011bn\u00ed s mnoha r\u016fzn\u00fdmi p\u0159\u00edznaky. Ka\u017ed\u00fd \u010dlov\u011bk se schizofreni\u00ed m\u00e1 jedine\u010dn\u00e9 zku\u0161enosti a jinou kombinaci symptom\u016f.<sup>4<\/sup> Pr\u016fb\u011bh schizofrenie se tak\u00e9 m\u016f\u017ee m\u011bnit v \u010dase, tak\u017ee to, co \u010dlov\u011bk se schizofreni\u00ed pro\u017e\u00edv\u00e1 v dan\u00e9m okam\u017eiku, se m\u016f\u017ee zcela li\u0161it od pro\u017eitk\u016f \u010dlov\u011bka, kter\u00fd ji\u017e m\u00e1 schizofrenii d\u00e9le. Nezapome\u0148te, \u017ee ne v\u0161ichni lidi se schizofreni\u00ed maj\u00ed stejn\u00e9 p\u0159\u00edznaky, tak\u017ee pokud si mysl\u00edte, \u017ee m\u00e1te nebo zn\u00e1te n\u011bkoho, kdo m\u00e1 kombinaci p\u0159\u00edznak\u016f, kter\u00e9 by mohly souviset se schizofreni\u00ed, vyhledejte pomoc odborn\u00edka. <\/p><\/div><\/div>\n\n\n\n<div class=\"wp-block-rea-cta-rea-cta-block rea-cta-block front\"><div class=\"rea-cta-block__content\"><h4 class=\"cta-title\"><\/h4><p class=\"cta-text\"><\/p><a class=\"button__primary button-text\" href=\"\/verejne\/co-je-to-schizofrenie\/hlavni-symptomy\/\">P\u0159\u00edznaky schizofrenie<\/a><\/div><\/div>\n\n\n\n<div class=\"wp-block-rea-title-rea-title-block rea-title-block front\"><div class=\"rea-title-block__content\"><h3 id=\"\" class=\"content-title rea-hidden\"><\/h3><h4 class=\"content-subtitle \">M\u00ddTUS: Schizofrenie je to sam\u00e9 jako &#8222;roz\u0161t\u011bpen\u00e1 osobnost&#8220;<\/h4><\/div><\/div>\n\n\n\n<div class=\"wp-block-rea-paragraph-rea-paragraph-block rea-paragraph-block front\"><div class=\"rea-paragraph-block__content\"><p class=\"content-text\"><strong>PRAVDA<\/strong>: Doslovn\u011b je p\u0159ekladem \u0159eck\u00e9ho slova schizofrenie &#8222;roz\u0161t\u011bp mysli&#8220;. Toto slovo nebylo ale p\u016fvodn\u011b ur\u010deno k ozna\u010den\u00ed nemoci, bez ohledu na to, co nazna\u010duj\u00ed filmy a popul\u00e1rn\u00ed kultura! Ve skute\u010dnosti popisovalo jeden p\u0159\u00edznak t\u00e9to nemoci \u2013 halucinace, p\u0159i kter\u00fdch mohou lid\u00e9 se schizofreni\u00ed za\u017e\u00edvat &#8222;od\u0161t\u011bpen\u00ed&#8220; od reality. Lid\u00e9 s &#8222;roz\u0161t\u011bpem osobnosti&#8220; maj\u00ed zcela jinou diagn\u00f3zu zvanou <em>disociativn\u00ed porucha identity<\/em>, kter\u00e1 se \u010dasto se schizofreni\u00ed zam\u011b\u0148uje!<\/p><\/div><\/div>\n\n\n\n<div class=\"wp-block-rea-cta-rea-cta-block rea-cta-block front\"><div class=\"rea-cta-block__content\"><h4 class=\"cta-title\"><\/h4><p class=\"cta-text\"><\/p><a class=\"button__primary button-text\" href=\"\/verejne\/vyvoj-schizofrenie\/\">Klinick\u00fd pr\u016fb\u011bh schizofrenie<\/a><\/div><\/div>\n\n\n\n<div class=\"wp-block-rea-title-rea-title-block rea-title-block front\"><div class=\"rea-title-block__content\"><h3 id=\"\" class=\"content-title rea-hidden\"><\/h3><h4 class=\"content-subtitle \">M\u00ddTUS: Lid\u00e9 se schizofreni\u00ed maj\u00ed b\u011b\u017en\u011b halucinace, jako ve filmech!<\/h4><\/div><\/div>\n\n\n\n<div class=\"wp-block-rea-paragraph-rea-paragraph-block rea-paragraph-block front\"><div class=\"rea-paragraph-block__content\"><p class=\"content-text\"><strong>PRAVDA: <\/strong>Filmy v\u017edy ukazuj\u00ed \u0161\u00edlen\u00e9 chov\u00e1n\u00ed, kter\u00e9 je samoz\u0159ejm\u011b dramati\u010dt\u011bj\u0161\u00ed a pout\u00e1 pozornost. Je to ale stereotypn\u00ed pojet\u00ed. Halucinace jsou pova\u017eov\u00e1ny za pozitivn\u00ed symptomy schizofrenie, ov\u0161em lid\u00e9 se schizofreni\u00ed maj\u00ed tak\u00e9 negativn\u00ed symptomy, kter\u00e9 se projevuj\u00ed jako ztr\u00e1ta n\u011bkter\u00fdch ka\u017edodenn\u00edch funkc\u00ed. Negativn\u00ed symptomy jsou mnohem v\u0161edn\u011bj\u0161\u00ed a ur\u010dit\u011b m\u00e9n\u011b dramatick\u00e9 ne\u017e n\u011bkter\u00e9 stereotypy, kter\u00e9 n\u00e1m p\u0159edkl\u00e1daj\u00ed m\u00e9dia. Podle jedn\u00e9 studie m\u00e1 t\u00e9m\u011b\u0159 70 % postav se schizofreni\u00ed ze 41 film\u016f zve\u0159ejn\u011bn\u00fdch v letech 1990 a\u017e 2010 bizardn\u00ed bludy.<sup>6<\/sup> Je to nespr\u00e1vn\u00e1 interpretace rozlo\u017een\u00ed p\u0159\u00edznak\u016f a stereotyp, kter\u00fd \u0161\u00ed\u0159\u00ed myln\u00e9 informace a podn\u011bcuje negativn\u00ed postoje ke schizofrenii. Poznejte prav\u00fd stav v\u011bc\u00ed, abyste se vyhnuli n\u00e1strah\u00e1m!<\/p><\/div><\/div>\n\n\n\n<div class=\"wp-block-rea-cta-rea-cta-block rea-cta-block front\"><div class=\"rea-cta-block__content\"><h4 class=\"cta-title\"><\/h4><p class=\"cta-text\"><\/p><a class=\"button__primary button-text\" href=\"\/verejne\/co-je-to-schizofrenie\/hlavni-symptomy\/\">P\u0159\u00edznaky schizofrenie<\/a><\/div><\/div>\n\n\n\n<div class=\"wp-block-rea-title-rea-title-block rea-title-block front\"><div class=\"rea-title-block__content\"><h3 id=\"\" class=\"content-title rea-hidden\"><\/h3><h4 class=\"content-subtitle \">M\u00ddTUS: Lid\u00e9 se schizofreni\u00ed mohou b\u00fdt nebezpe\u010dn\u00ed a je t\u0159eba je nechat v \u00fastavu<\/h4><\/div><\/div>\n\n\n\n<div class=\"wp-block-rea-paragraph-rea-paragraph-block rea-paragraph-block front\"><div class=\"rea-paragraph-block__content\"><p class=\"content-text\"><strong>PRAVDA: <\/strong>Je pravda, \u017ee n\u011bkte\u0159\u00ed lid\u00e9 se schizofreni\u00ed vykazuj\u00ed n\u011bkdy n\u00e1siln\u00e9 chov\u00e1n\u00ed, ale toto n\u00e1siln\u00e9 chov\u00e1n\u00ed je \u010dast\u011bj\u0161\u00ed u osob, kter\u00e9 zneu\u017e\u00edvaj\u00ed n\u00e1vykov\u00e9 l\u00e1tky.<sup>7<\/sup> N\u00e1siln\u00e9 chov\u00e1n\u00ed a dal\u0161\u00ed p\u0159\u00edznaky schizofrenie jsou obvykle dob\u0159e zvl\u00e1dnut\u00e9 spr\u00e1vnou l\u00e9\u010dbou a podp\u016frn\u00fdmi pacientsk\u00fdmi organizacemi. To znamen\u00e1, \u017ee obvykle nen\u00ed nutn\u00e9 lidi se schizofreni\u00ed nech\u00e1vat v \u00fastavn\u00edm za\u0159\u00edzen\u00ed a \u017ee se m\u016f\u017eou \u010dasto bezprobl\u00e9mov\u011b zapojit do spole\u010dnosti.<\/p><\/div><\/div>\n\n\n\n<div class=\"wp-block-rea-cta-rea-cta-block rea-cta-block front\"><div class=\"rea-cta-block__content\"><h4 class=\"cta-title\"><\/h4><p class=\"cta-text\"><\/p><a class=\"button__primary button-text\" href=\"\/verejne\/diagnoza\/\">Stanoven\u00ed diagn\u00f3zy schizofrenie<\/a><\/div><\/div>\n\n\n\n<div class=\"wp-block-rea-title-rea-title-block rea-title-block front\"><div class=\"rea-title-block__content\"><h3 id=\"\" class=\"content-title rea-hidden\"><\/h3><h4 class=\"content-subtitle \">M\u00ddTUS: L\u00e9ky na schizofrenii moc nefunguj\u00ed<\/h4><\/div><\/div>\n\n\n\n<div class=\"wp-block-rea-paragraph-rea-paragraph-block rea-paragraph-block front\"><div class=\"rea-paragraph-block__content\"><p class=\"content-text\"><strong>PRAVDA: <\/strong>V\u011bt\u0161ina lid\u00ed se schizofreni\u00ed u\u017e\u00edv\u00e1 antipsychotika, kter\u00e1 pom\u00e1haj\u00ed potla\u010dovat p\u0159\u00edznaky, a tak\u00e9 podstupuje psychologickou l\u00e9\u010dbu nebo terapeutick\u00e1 sezen\u00ed.<sup>8<\/sup> Tato kombinace je \u00fa\u010dinn\u011bj\u0161\u00ed, ne\u017e kdy\u017e jsou jednotliv\u00e9 mo\u017enosti l\u00e9\u010dby pou\u017e\u00edv\u00e1ny samostatn\u011b, ale stejn\u011b d\u016fle\u017eit\u00e1 je nep\u0159etr\u017eit\u00e1 l\u00e9\u010dba.<sup>8<\/sup> I kdy\u017e je schizofrenie pova\u017eov\u00e1na za chronick\u00e9 du\u0161evn\u00ed onemocn\u011bn\u00ed s velmi r\u016fznorod\u00fdmi p\u0159\u00edznaky, adekv\u00e1tn\u00ed l\u00e9\u010debn\u00e1 podpora a p\u00e9\u010de mohou v\u011bt\u0161in\u011b lid\u00ed se schizofreni\u00ed pomoci \u017e\u00edt dlouh\u00fd, stabiln\u00ed a napl\u0148uj\u00edc\u00ed \u017eivot.<\/p><\/div><\/div>\n\n\n\n<div class=\"wp-block-rea-cta-rea-cta-block rea-cta-block front\"><div class=\"rea-cta-block__content\"><h4 class=\"cta-title\"><\/h4><p class=\"cta-text\"><\/p><a class=\"button__primary button-text\" href=\"\/verejne\/podpora\/jak-pomoci\/\">Jak m\u016f\u017eu pomoci?<\/a><\/div><\/div>\n\n\n\n<div class=\"wp-block-rea-references-rea-references-block rea-references-block front\"><div class=\"rea-references-block__references\"><p class=\"references-title\">Literatura<\/p><ol class=\"references-list\"><li>Royal College of Psychiatrists, Schizophrenia, 2019. <a href=\"https:\/\/www.rcpsych.ac.uk\/mental-health\/problems-disorders\/schizophrenia\" rel=\"nofollow noopener\" target=\"_blank\">https:\/\/www.rcpsych.ac.uk\/mental-health\/problems-disorders\/schizophrenia<\/a> [Accessed July 2019]<\/li><li>National Institute of Mental Health, Schizophrenia, 2019. <a href=\"https:\/\/www.nimh.nih.gov\/health\/topics\/schizophrenia\/index.shtml\" rel=\"nofollow noopener\" target=\"_blank\">https:\/\/www.nimh.nih.gov\/health\/topics\/schizophrenia\/index.shtml<\/a> [Accessed July 2019]<\/li><li>Brown AS. The environment and susceptibility to schizophrenia. Prog Neurobiol. 2011;93(1):23-58.<\/li><li>Mind, Schizophrenia, 2017. <a href=\"https:\/\/www.mind.org.uk\/information-support\/types-of-mental-health-problems\/schizophrenia\/#.XTgrjOhKhhE\" rel=\"nofollow noopener\" target=\"_blank\">https:\/\/www.mind.org.uk\/information-support\/types-of-mental-health-problems\/schizophrenia\/#.XTgrjOhKhhE<\/a> [Accessed July 2019]<\/li><li>Canadian Mental Health Association, What\u2019s the difference between dissociative identity disorder (multiple personality disorder) and schizophrenia? 2015. <a href=\"https:\/\/www.heretohelp.bc.ca\/q-and-a\/whats-the-difference-between-dissociative-identity-disorder-and-schizophrenia\" rel=\"nofollow noopener\" target=\"_blank\">https:\/\/www.heretohelp.bc.ca\/q-and-a\/whats-the-difference-between-dissociative-identity-disorder-and-schizophrenia<\/a> [Accessed July 2019]<\/li><li>Owen PR. Portrayals of schizophrenia by entertainment media: a content analysis of contemporary movies. Psychiatr Serv. 2012;63(7):655-9<\/li><li>Walsh E, Buchanan A, Fahy T. Violence and schizophrenia: examining the evidence. Br J Psychiatry. 2002;180:490-5<\/li><li>NICE, Psychosis and schizophrenia in adults: prevention and management, Clinical Guidance CG178, 2014. <a href=\"https:\/\/www.nice.org.uk\/guidance\/cg178\/chapter\/1-Recommendations#first-episode-psychosis-2\" rel=\"nofollow noopener\" target=\"_blank\">https:\/\/www.nice.org.uk\/guidance\/cg178\/chapter\/1-Recommendations#first-episode-psychosis-2<\/a> [Accessed July 2019]<\/li><\/ol><\/div><\/div>\n\n\n\n\n","protected":false},"excerpt":{"rendered":"","protected":false},"author":1,"featured_media":2379,"parent":0,"menu_order":0,"comment_status":"closed","ping_status":"closed","template":"page-fullwidth.php","meta":{"rea_page_title_signed_in_meta_block_field":"schizofrenie m\u00fdty a pravdy","rea_page_title_signed_out_meta_block_field":"schizofrenie m\u00fdty a pravdy","rea_page_description_signed_in_meta_block_field":"Mo\u017en\u00e1 ji\u017e m\u00e1te o schizofrenii n\u011bjak\u00e9 p\u0159edsudky. Dok\u00e1\u017eete ale odli\u0161it m\u00fdty od pravd? Poj\u010fme se spole\u010dn\u011b pod\u00edvat na \u010dast\u00e9 m\u00fdty a schizofrenii a pravdy, kter\u00e9 za nimi stoj\u00ed.","rea_page_description_signed_out_meta_block_field":"Mo\u017en\u00e1 ji\u017e m\u00e1te o schizofrenii n\u011bjak\u00e9 p\u0159edsudky. Dok\u00e1\u017eete ale odli\u0161it m\u00fdty od pravd? Poj\u010fme se spole\u010dn\u011b pod\u00edvat na \u010dast\u00e9 m\u00fdty a schizofrenii a pravdy, kter\u00e9 za nimi stoj\u00ed.","rea_page_footer_id_meta_block_field":"","rea_page_footer_date_meta_block_field":"","footnotes":""},"class_list":["post-2257","page","type-page","status-publish","has-post-thumbnail","hentry"],"_links":{"self":[{"href":"https:\/\/schizofrenie.cz\/verejne\/wp-json\/wp\/v2\/pages\/2257","targetHints":{"allow":["GET"]}}],"collection":[{"href":"https:\/\/schizofrenie.cz\/verejne\/wp-json\/wp\/v2\/pages"}],"about":[{"href":"https:\/\/schizofrenie.cz\/verejne\/wp-json\/wp\/v2\/types\/page"}],"author":[{"embeddable":true,"href":"https:\/\/schizofrenie.cz\/verejne\/wp-json\/wp\/v2\/users\/1"}],"replies":[{"embeddable":true,"href":"https:\/\/schizofrenie.cz\/verejne\/wp-json\/wp\/v2\/comments?post=2257"}],"version-history":[{"count":29,"href":"https:\/\/schizofrenie.cz\/verejne\/wp-json\/wp\/v2\/pages\/2257\/revisions"}],"predecessor-version":[{"id":3308,"href":"https:\/\/schizofrenie.cz\/verejne\/wp-json\/wp\/v2\/pages\/2257\/revisions\/3308"}],"wp:featuredmedia":[{"embeddable":true,"href":"https:\/\/schizofrenie.cz\/verejne\/wp-json\/wp\/v2\/media\/2379"}],"wp:attachment":[{"href":"https:\/\/schizofrenie.cz\/verejne\/wp-json\/wp\/v2\/media?parent=2257"}],"curies":[{"name":"wp","href":"https:\/\/api.w.org\/{rel}","templated":true}]}}